{"id":9873,"date":"2019-08-26T11:32:50","date_gmt":"2019-08-26T14:32:50","guid":{"rendered":"https:\/\/oleestudio.com.br\/avisala\/?page_id=9873"},"modified":"2019-08-26T11:32:50","modified_gmt":"2019-08-26T14:32:50","slug":"revista","status":"publish","type":"page","link":"https:\/\/avisala.org.br\/index.php\/revista\/","title":{"rendered":"Revista"},"content":{"rendered":"<div id=\"pl-9873\"  class=\"panel-layout\" ><div id=\"pg-9873-0\"  class=\"panel-grid panel-no-style\" ><div id=\"pgc-9873-0-0\"  class=\"panel-grid-cell\" ><div id=\"panel-9873-0-0-0\" class=\"so-panel widget widget_sow-post-carousel panel-first-child panel-last-child\" data-index=\"0\" ><div\n\t\t\t\n\t\t\tclass=\"so-widget-sow-post-carousel so-widget-sow-post-carousel-base-ad93eedad001-9873\"\n\t\t\t\n\t\t>\t<div\n\t\tclass=\"sow-post-carousel-wrapper sow-post-carousel-theme-base\"\n\t\tstyle=\"overflow: hidden; max-width: 100%; min-height: 182px\"\n\t>\n\t\t<div class=\"sow-carousel-title\">\n\t\t\t<div class=\"sow-carousel-navigation \">\n\t\t\t\t\t\t<a href=\"#\" class=\"sow-carousel-next\" title=\"Pr\u00f3ximo\" aria-label=\"Next Posts\" role=\"button\"><\/a>\n\t\t\t\t\t\t<a href=\"#\" class=\"sow-carousel-previous\" title=\"Anterior\" aria-label=\"Previous Posts\" role=\"button\"><\/a>\n\t\t\t\t\t<\/div>\n\t<\/div>\n\n<div class=\"sow-carousel-container \">\n\t\t<div class=\"sow-carousel-wrapper\"\n\t\tdata-dir=\"ltr\"\n\t\tstyle=\"opacity: 0;\"\n\t\tdata-widget=\"post\" data-fetching=\"false\" data-page=\"1\" data-ajax-url=\"https:\/\/avisala.org.br\/wp-admin\/admin-ajax.php?_widgets_nonce=fb1321d1f6\" data-item_count=\"959\" data-carousel_settings=\"{&quot;loop&quot;:true,&quot;animation&quot;:&quot;Ease&quot;,&quot;animation_speed&quot;:400,&quot;autoplay&quot;:&quot;&quot;,&quot;pauseOnHover&quot;:&quot;&quot;,&quot;autoplaySpeed&quot;:8000,&quot;item_overflow&quot;:true,&quot;autoplay_continuous_scroll&quot;:false}\" data-responsive=\"{&quot;desktop_slides_to_scroll&quot;:1,&quot;tablet_landscape_breakpoint&quot;:1366,&quot;tablet_landscape_slides_to_scroll&quot;:2,&quot;tablet_portrait_breakpoint&quot;:1025,&quot;tablet_portrait_slides_to_scroll&quot;:2,&quot;mobile_breakpoint&quot;:480,&quot;mobile_slides_to_scroll&quot;:1}\" data-variable_width=\"true\" \t>\n\t\t<div\n\t\t\tclass=\"sow-carousel-items\"\n\t\t\t\t\t>\n\t\t\t\t<div class=\"sow-carousel-item\" tabindex=\"-1\" style=\"float: left;\">\n\t\t<div class=\"sow-carousel-thumbnail\">\n\t\t\t\t\t\t\t<a\n\t\t\t\t\thref=\"https:\/\/avisala.org.br\/index.php\/noticias\/minha-trajetoria-no-avisa-la\/\"\n\t\t\t\t\t\t\t\t\t\tstyle=\"background-image: url( https:\/\/avisala.org.br\/wp-content\/uploads\/2026\/04\/Copia-de-pira-244-x-163-px.png )\"\n\t\t\t\t\taria-labelledby=\"sow-carousel-id-18771\"\n\t\t\t\t\ttabindex=\"-1\"\n\t\t\t\t>\n\t\t\t\t\t<span class=\"overlay\"><\/span>\n\t\t\t\t<\/a>\n\t\t\t\t\t<\/div>\n\t\t<h3 class=\"sow-carousel-item-title\">\n\t\t\t<a\n\t\t\t\thref=\"https:\/\/avisala.org.br\/index.php\/noticias\/minha-trajetoria-no-avisa-la\/\"\n\t\t\t\tid=\"sow-carousel-id-18771\"\n\t\t\t\t\t\t\t\ttabindex=\"-1\"\n\t\t\t>\n\n\t\t\t\tMinha trajet\u00f3ria no Avisa L\u00e1\t\t\t<\/a>\n\t\t<\/h3>\n\t<\/div>\n\t\t<div class=\"sow-carousel-item\" tabindex=\"-1\" style=\"float: left;\">\n\t\t<div class=\"sow-carousel-thumbnail\">\n\t\t\t\t\t\t\t<a\n\t\t\t\t\thref=\"https:\/\/avisala.org.br\/index.php\/noticias\/avisa-la-lanca-curso\/\"\n\t\t\t\t\t\t\t\t\t\tstyle=\"background-image: url( https:\/\/avisala.org.br\/wp-content\/uploads\/2026\/04\/Copia-de-hoje-as-15-horas-2-novos-cursos-sobre-leitura-para-docentes-e-equipes-formadoras-de-pre-escolas-no-YouTube-do-MEC-244-x-163-px.png )\"\n\t\t\t\t\taria-labelledby=\"sow-carousel-id-18756\"\n\t\t\t\t\ttabindex=\"-1\"\n\t\t\t\t>\n\t\t\t\t\t<span class=\"overlay\"><\/span>\n\t\t\t\t<\/a>\n\t\t\t\t\t<\/div>\n\t\t<h3 class=\"sow-carousel-item-title\">\n\t\t\t<a\n\t\t\t\thref=\"https:\/\/avisala.org.br\/index.php\/noticias\/avisa-la-lanca-curso\/\"\n\t\t\t\tid=\"sow-carousel-id-18756\"\n\t\t\t\t\t\t\t\ttabindex=\"-1\"\n\t\t\t>\n\n\t\t\t\tAvisa L\u00e1 lan\u00e7a curso!\t\t\t<\/a>\n\t\t<\/h3>\n\t<\/div>\n\t\t<div class=\"sow-carousel-item\" tabindex=\"-1\" style=\"float: left;\">\n\t\t<div class=\"sow-carousel-thumbnail\">\n\t\t\t\t\t\t\t<a\n\t\t\t\t\thref=\"https:\/\/avisala.org.br\/index.php\/noticias\/revista-avisa-la-66\/\"\n\t\t\t\t\t\t\t\t\t\tstyle=\"background-image: url( https:\/\/avisala.org.br\/wp-content\/uploads\/2026\/03\/Revista-Avisa-la-66-mais-uma-edicao-liberada-para-download-gratuito-em-nosso-site-244-x-163-px-2.png )\"\n\t\t\t\t\taria-labelledby=\"sow-carousel-id-18497\"\n\t\t\t\t\ttabindex=\"-1\"\n\t\t\t\t>\n\t\t\t\t\t<span class=\"overlay\"><\/span>\n\t\t\t\t<\/a>\n\t\t\t\t\t<\/div>\n\t\t<h3 class=\"sow-carousel-item-title\">\n\t\t\t<a\n\t\t\t\thref=\"https:\/\/avisala.org.br\/index.php\/noticias\/revista-avisa-la-66\/\"\n\t\t\t\tid=\"sow-carousel-id-18497\"\n\t\t\t\t\t\t\t\ttabindex=\"-1\"\n\t\t\t>\n\n\t\t\t\tRevista Avisa l\u00e1 #66\t\t\t<\/a>\n\t\t<\/h3>\n\t<\/div>\n\t\t<div class=\"sow-carousel-item\" tabindex=\"-1\" style=\"float: left;\">\n\t\t<div class=\"sow-carousel-thumbnail\">\n\t\t\t\t\t\t\t<a\n\t\t\t\t\thref=\"https:\/\/avisala.org.br\/index.php\/noticias\/a-natureza-da-infancia-profissionais-comunidade-e-criancas-pelo-clima\/\"\n\t\t\t\t\t\t\t\t\t\tstyle=\"background-image: url( https:\/\/avisala.org.br\/wp-content\/uploads\/2026\/03\/Copia-de-UNAS-244-x-163-px.png )\"\n\t\t\t\t\taria-labelledby=\"sow-carousel-id-18482\"\n\t\t\t\t\ttabindex=\"-1\"\n\t\t\t\t>\n\t\t\t\t\t<span class=\"overlay\"><\/span>\n\t\t\t\t<\/a>\n\t\t\t\t\t<\/div>\n\t\t<h3 class=\"sow-carousel-item-title\">\n\t\t\t<a\n\t\t\t\thref=\"https:\/\/avisala.org.br\/index.php\/noticias\/a-natureza-da-infancia-profissionais-comunidade-e-criancas-pelo-clima\/\"\n\t\t\t\tid=\"sow-carousel-id-18482\"\n\t\t\t\t\t\t\t\ttabindex=\"-1\"\n\t\t\t>\n\n\t\t\t\tA natureza da inf\u00e2ncia: profissionais, comunidade e crian\u00e7as pelo clima.\t\t\t<\/a>\n\t\t<\/h3>\n\t<\/div>\n\t\t<div class=\"sow-carousel-item\" tabindex=\"-1\" style=\"float: left;\">\n\t\t<div class=\"sow-carousel-thumbnail\">\n\t\t\t\t\t\t\t<a\n\t\t\t\t\thref=\"https:\/\/avisala.org.br\/index.php\/noticias\/entrevista-com-vital-didonet-10-anos-do-marco-legal-da-primeira-infancia\/\"\n\t\t\t\t\t\t\t\t\t\tstyle=\"background-image: url( https:\/\/avisala.org.br\/wp-content\/uploads\/2026\/03\/imagem-destacada-Vital.png )\"\n\t\t\t\t\taria-labelledby=\"sow-carousel-id-18469\"\n\t\t\t\t\ttabindex=\"-1\"\n\t\t\t\t>\n\t\t\t\t\t<span class=\"overlay\"><\/span>\n\t\t\t\t<\/a>\n\t\t\t\t\t<\/div>\n\t\t<h3 class=\"sow-carousel-item-title\">\n\t\t\t<a\n\t\t\t\thref=\"https:\/\/avisala.org.br\/index.php\/noticias\/entrevista-com-vital-didonet-10-anos-do-marco-legal-da-primeira-infancia\/\"\n\t\t\t\tid=\"sow-carousel-id-18469\"\n\t\t\t\t\t\t\t\ttabindex=\"-1\"\n\t\t\t>\n\n\t\t\t\tEntrevista com Vital Didonet: 10 anos do Marco Legal da Primeira Inf\u00e2ncia\t\t\t<\/a>\n\t\t<\/h3>\n\t<\/div>\n\t\t<div class=\"sow-carousel-item\" tabindex=\"-1\" style=\"float: left;\">\n\t\t<div class=\"sow-carousel-thumbnail\">\n\t\t\t\t\t\t\t<a\n\t\t\t\t\thref=\"https:\/\/avisala.org.br\/index.php\/noticias\/novo-conselho-consultivo-avisa-la\/\"\n\t\t\t\t\t\t\t\t\t\tstyle=\"background-image: url( https:\/\/avisala.org.br\/wp-content\/uploads\/2026\/03\/Conselho-Consultivo-Avisa-La-244-x-163-px.png )\"\n\t\t\t\t\taria-labelledby=\"sow-carousel-id-18295\"\n\t\t\t\t\ttabindex=\"-1\"\n\t\t\t\t>\n\t\t\t\t\t<span class=\"overlay\"><\/span>\n\t\t\t\t<\/a>\n\t\t\t\t\t<\/div>\n\t\t<h3 class=\"sow-carousel-item-title\">\n\t\t\t<a\n\t\t\t\thref=\"https:\/\/avisala.org.br\/index.php\/noticias\/novo-conselho-consultivo-avisa-la\/\"\n\t\t\t\tid=\"sow-carousel-id-18295\"\n\t\t\t\t\t\t\t\ttabindex=\"-1\"\n\t\t\t>\n\n\t\t\t\tNovo Conselho Consultivo Avisa L\u00e1\t\t\t<\/a>\n\t\t<\/h3>\n\t<\/div>\n\t\t<div class=\"sow-carousel-item\" tabindex=\"-1\" style=\"float: left;\">\n\t\t<div class=\"sow-carousel-thumbnail\">\n\t\t\t\t\t\t\t<a\n\t\t\t\t\thref=\"https:\/\/avisala.org.br\/index.php\/noticias\/avisa-la-40-anos\/\"\n\t\t\t\t\t\t\t\t\t\tstyle=\"background-image: url( https:\/\/avisala.org.br\/wp-content\/uploads\/2026\/02\/Sem-nome-244-x-163-px-2.png )\"\n\t\t\t\t\taria-labelledby=\"sow-carousel-id-18220\"\n\t\t\t\t\ttabindex=\"-1\"\n\t\t\t\t>\n\t\t\t\t\t<span class=\"overlay\"><\/span>\n\t\t\t\t<\/a>\n\t\t\t\t\t<\/div>\n\t\t<h3 class=\"sow-carousel-item-title\">\n\t\t\t<a\n\t\t\t\thref=\"https:\/\/avisala.org.br\/index.php\/noticias\/avisa-la-40-anos\/\"\n\t\t\t\tid=\"sow-carousel-id-18220\"\n\t\t\t\t\t\t\t\ttabindex=\"-1\"\n\t\t\t>\n\n\t\t\t\tAvisa L\u00e1 40 anos!\t\t\t<\/a>\n\t\t<\/h3>\n\t<\/div>\n\t\t<div class=\"sow-carousel-item\" tabindex=\"-1\" style=\"float: left;\">\n\t\t<div class=\"sow-carousel-thumbnail\">\n\t\t\t\t\t\t\t<a\n\t\t\t\t\thref=\"https:\/\/avisala.org.br\/index.php\/noticias\/formacao-do-avisa-la-na-midia\/\"\n\t\t\t\t\t\t\t\t\t\tstyle=\"background-image: url( https:\/\/avisala.org.br\/wp-content\/uploads\/2026\/02\/Palestra-Guaruja-244-x-163-px.png )\"\n\t\t\t\t\taria-labelledby=\"sow-carousel-id-18201\"\n\t\t\t\t\ttabindex=\"-1\"\n\t\t\t\t>\n\t\t\t\t\t<span class=\"overlay\"><\/span>\n\t\t\t\t<\/a>\n\t\t\t\t\t<\/div>\n\t\t<h3 class=\"sow-carousel-item-title\">\n\t\t\t<a\n\t\t\t\thref=\"https:\/\/avisala.org.br\/index.php\/noticias\/formacao-do-avisa-la-na-midia\/\"\n\t\t\t\tid=\"sow-carousel-id-18201\"\n\t\t\t\t\t\t\t\ttabindex=\"-1\"\n\t\t\t>\n\n\t\t\t\tForma\u00e7\u00e3o do Avisa L\u00e1 na m\u00eddia.\t\t\t<\/a>\n\t\t<\/h3>\n\t<\/div>\n\t\t<div class=\"sow-carousel-item\" tabindex=\"-1\" style=\"float: left;\">\n\t\t<div class=\"sow-carousel-thumbnail\">\n\t\t\t\t\t\t\t<a\n\t\t\t\t\thref=\"https:\/\/avisala.org.br\/index.php\/noticias\/resistir-tambem-e-aprender\/\"\n\t\t\t\t\t\t\t\t\t\tstyle=\"background-image: url( https:\/\/avisala.org.br\/wp-content\/uploads\/2026\/01\/Resistir-tambem-e-aprender-244-x-163-px-1.png )\"\n\t\t\t\t\taria-labelledby=\"sow-carousel-id-18184\"\n\t\t\t\t\ttabindex=\"-1\"\n\t\t\t\t>\n\t\t\t\t\t<span class=\"overlay\"><\/span>\n\t\t\t\t<\/a>\n\t\t\t\t\t<\/div>\n\t\t<h3 class=\"sow-carousel-item-title\">\n\t\t\t<a\n\t\t\t\thref=\"https:\/\/avisala.org.br\/index.php\/noticias\/resistir-tambem-e-aprender\/\"\n\t\t\t\tid=\"sow-carousel-id-18184\"\n\t\t\t\t\t\t\t\ttabindex=\"-1\"\n\t\t\t>\n\n\t\t\t\tResistir tamb\u00e9m \u00e9 aprender\t\t\t<\/a>\n\t\t<\/h3>\n\t<\/div>\n\t\t<div class=\"sow-carousel-item\" tabindex=\"-1\" style=\"float: left;\">\n\t\t<div class=\"sow-carousel-thumbnail\">\n\t\t\t\t\t\t\t<a\n\t\t\t\t\thref=\"https:\/\/avisala.org.br\/index.php\/noticias\/cuidados-e-propostas-para-receber-bem-as-criancas-e-estudantes-que-voltam-das-ferias\/\"\n\t\t\t\t\t\t\t\t\t\tstyle=\"background-image: url( https:\/\/avisala.org.br\/wp-content\/uploads\/2026\/01\/Live-Acolhimento-29_01-244-x-163-px.png )\"\n\t\t\t\t\taria-labelledby=\"sow-carousel-id-18178\"\n\t\t\t\t\ttabindex=\"-1\"\n\t\t\t\t>\n\t\t\t\t\t<span class=\"overlay\"><\/span>\n\t\t\t\t<\/a>\n\t\t\t\t\t<\/div>\n\t\t<h3 class=\"sow-carousel-item-title\">\n\t\t\t<a\n\t\t\t\thref=\"https:\/\/avisala.org.br\/index.php\/noticias\/cuidados-e-propostas-para-receber-bem-as-criancas-e-estudantes-que-voltam-das-ferias\/\"\n\t\t\t\tid=\"sow-carousel-id-18178\"\n\t\t\t\t\t\t\t\ttabindex=\"-1\"\n\t\t\t>\n\n\t\t\t\tCuidados e propostas para  receber  bem as  crian\u00e7as e estudantes que voltam das f\u00e9rias.\t\t\t<\/a>\n\t\t<\/h3>\n\t<\/div>\n\t\t\t<\/div>\n\t\t\t<\/div>\n\n\t<\/div>\n\t\t<input type=\"hidden\" name=\"instance_hash\" value=\"e9a09f3d\"\/>\n\t<\/div>\n<\/div><\/div><\/div><\/div><\/div>","protected":false},"excerpt":{"rendered":"<p>Minha trajet\u00f3ria no Avisa L\u00e1 Avisa L\u00e1 lan\u00e7a curso! Revista Avisa l\u00e1 #66 A natureza da inf\u00e2ncia: profissionais, comunidade e crian\u00e7as pelo clima. Entrevista com Vital Didonet: 10 anos do Marco Legal da Primeira Inf\u00e2ncia Novo Conselho Consultivo Avisa L\u00e1 Avisa L\u00e1 40 anos! Forma\u00e7\u00e3o do Avisa L\u00e1 na m\u00eddia. Resistir tamb\u00e9m \u00e9 aprender Cuidados [&hellip;]<\/p>\n","protected":false},"author":224,"featured_media":0,"parent":0,"menu_order":0,"comment_status":"closed","ping_status":"closed","template":"templates\/template-full.php","meta":{"footnotes":""},"class_list":["post-9873","page","type-page","status-publish","hentry","post"],"_links":{"self":[{"href":"https:\/\/avisala.org.br\/index.php\/wp-json\/wp\/v2\/pages\/9873","targetHints":{"allow":["GET"]}}],"collection":[{"href":"https:\/\/avisala.org.br\/index.php\/wp-json\/wp\/v2\/pages"}],"about":[{"href":"https:\/\/avisala.org.br\/index.php\/wp-json\/wp\/v2\/types\/page"}],"author":[{"embeddable":true,"href":"https:\/\/avisala.org.br\/index.php\/wp-json\/wp\/v2\/users\/224"}],"replies":[{"embeddable":true,"href":"https:\/\/avisala.org.br\/index.php\/wp-json\/wp\/v2\/comments?post=9873"}],"version-history":[{"count":0,"href":"https:\/\/avisala.org.br\/index.php\/wp-json\/wp\/v2\/pages\/9873\/revisions"}],"wp:attachment":[{"href":"https:\/\/avisala.org.br\/index.php\/wp-json\/wp\/v2\/media?parent=9873"}],"curies":[{"name":"wp","href":"https:\/\/api.w.org\/{rel}","templated":true}]}}